{"id":8022,"date":"2015-10-12T17:14:45","date_gmt":"2015-10-12T17:14:45","guid":{"rendered":"http:\/\/brico-afeb.com\/pt-pt\/?page_id=8022"},"modified":"2017-09-07T10:28:27","modified_gmt":"2017-09-07T09:28:27","slug":"marca","status":"publish","type":"page","link":"https:\/\/brico-afeb.com\/pt-pt\/servicos\/marca\/","title":{"rendered":"Promo\u00e7\u00e3o de Marca"},"content":{"rendered":"<div class=\"wpb-content-wrapper\"><p>[vc_row padding_top=&#8221;0&#8243; padding_bottom=&#8221;0&#8243;][vc_column]<div  class=\"kleo-gap\" style=\"height:10px;line-height:10px;\"><\/div>[vc_column_text font_weight=&#8221;bold&#8221; letter_spacing=&#8221;&#8221; css=&#8221;.vc_custom_1504776267037{margin-top: 20px !important;margin-bottom: 20px !important;}&#8221;]<\/p>\n<h2 class=\"blue\" style=\"text-align: center;\">Novas Tecnologias<\/h2>\n<p>[\/vc_column_text]<div  class=\"kleo-gap\" style=\"height:10px;line-height:10px;\"><\/div>[vc_accordion][vc_accordion_tab title=&#8221;Canal Youtube El Rinc\u00f3n del Bricolaje&#8221; icon=&#8221;minus-1&#8243; icon_closed=&#8221;plus-1&#8243;][vc_column_text lead=&#8221;yes&#8221; letter_spacing=&#8221;&#8221;]O Canal Youtube da AFEB, El Rinc\u00f3n da Bricolaje, acess\u00edvel na p\u00e1gina <a href=\"http:\/\/www.elrincondelbricolaje.com\">www.elrincondelbricolaje.com<\/a>, \u00e9 uma plataforma de promo\u00e7\u00e3o de conte\u00fado audiovisual na qual os s\u00f3cios da AFEB podem carregar os seus conte\u00fados. O canal conta atualmente com mais de dois milh\u00f5es de visualiza\u00e7\u00f5es.[\/vc_column_text][\/vc_accordion_tab][vc_accordion_tab title=&#8221;Participa\u00e7\u00e3o preferencial na Eurobrico e Ferroforma&#8221; icon=&#8221;minus-1&#8243; icon_closed=&#8221;plus-1&#8243;][vc_column_text lead=&#8221;yes&#8221; letter_spacing=&#8221;&#8221;]A AFEB participa nos comit\u00e9s de dire\u00e7\u00e3o das principais feiras do setor (Eurobrico e Ferroforma) e obt\u00e9m condi\u00e7\u00f5es preferenciais para os seus associados: descontos na inscri\u00e7\u00e3o; Stand de Demonstra\u00e7\u00f5es, Stand Agrupado, etc&#8230;[\/vc_column_text][\/vc_accordion_tab][vc_accordion_tab title=&#8221;Participa\u00e7\u00e3o preferencial na publica\u00e7\u00e3o Cuadernos de Comunicaci\u00f3n&#8221; icon=&#8221;minus-1&#8243; icon_closed=&#8221;plus-1&#8243;][vc_column_text lead=&#8221;yes&#8221; letter_spacing=&#8221;&#8221;]<\/p>\n<section id=\"content\" class=\"grid-block\">\n<div id=\"system\">\n<article class=\"item\" data-permalink=\"https:\/\/brico-afeb.com\/en\/servicios\/15-servicios\/57-nuevas-tecnologias\">\n<div class=\"content clearfix\">\n<section id=\"content\" class=\"grid-block\">\n<div id=\"system\">\n<article class=\"item\" data-permalink=\"https:\/\/brico-afeb.com\/pt\/servicios\/15-servicios\/57-nuevas-tecnologias\">\n<div class=\"content clearfix\">\n<p>C de Comunicaci\u00f3n \u00e9 o meio de comunica\u00e7\u00e3o porta-voz da associa\u00e7\u00e3o. Informa sobre todas as atividades da mesma e oferece descontos em publicidade para os associados.<\/p>\n<\/div>\n<\/article>\n<\/div>\n<\/section>\n<\/div>\n<\/article>\n<\/div>\n<\/section>\n<p>[\/vc_column_text][\/vc_accordion_tab][vc_accordion_tab title=&#8221;Presen\u00e7a nas Redes Sociais&#8221; icon=&#8221;minus-1&#8243; icon_closed=&#8221;plus-1&#8243;][vc_column_text lead=&#8221;yes&#8221; letter_spacing=&#8221;&#8221;]<\/p>\n<section id=\"content\" class=\"grid-block\">\n<div id=\"system\">\n<article class=\"item\" data-permalink=\"https:\/\/brico-afeb.com\/en\/servicios\/15-servicios\/57-nuevas-tecnologias\">\n<div class=\"content clearfix\">\n<section id=\"content\" class=\"grid-block\">\n<div id=\"system\">\n<article class=\"item\" data-permalink=\"https:\/\/brico-afeb.com\/pt\/servicios\/15-servicios\/57-nuevas-tecnologias\">\n<div class=\"content clearfix\">\n<p>A AFEB tem uma forte presen\u00e7a nas Redes Sociais. Publica conte\u00fados regularmente no seu perfil de Facebook, e na sua conta Twitter, a partir da qual difunde os conte\u00fados dos seus s\u00f3cios, dispondo tamb\u00e9m de uma conta e de um grupo no LinkedIn. As tr\u00eas contas somam aproximadamente 4.000 seguidores no total.<\/p>\n<\/div>\n<\/article>\n<\/div>\n<\/section>\n<\/div>\n<\/article>\n<\/div>\n<\/section>\n<p>[\/vc_column_text][\/vc_accordion_tab][vc_accordion_tab title=&#8221;Projeto Mi Hogar Mejor&#8221; icon=&#8221;minus-1&#8243; icon_closed=&#8221;plus-1&#8243;][vc_column_text lead=&#8221;yes&#8221; letter_spacing=&#8221;&#8221;]<\/p>\n<section id=\"content\" class=\"grid-block\">\n<div id=\"system\">\n<article class=\"item\" data-permalink=\"https:\/\/brico-afeb.com\/en\/servicios\/15-servicios\/57-nuevas-tecnologias\">\n<div class=\"content clearfix\">\n<section id=\"content\" class=\"grid-block\">\n<div id=\"system\">\n<article class=\"item\" data-permalink=\"https:\/\/brico-afeb.com\/pt\/servicios\/15-servicios\/57-nuevas-tecnologias\">\n<div class=\"content clearfix\">\n<p>O Projeto \u201c<a href=\"https:\/\/mihogarmejor.com\/\">Mi Hogar Mejor<\/a>\u201d surge na AFEB quando se deteta a necessidade de adaptar os conte\u00fados das marcas associadas ao entorno e \u00e0s tend\u00eancias atuais. Com 100 conte\u00fados ao longo de um curso, realizados por influencers TOP do setor, as marcas ser\u00e3o as protagonistas dos projetos e dar\u00e3o o passo definitivo rumo ao \u00eaxito do <em>branded content<\/em> de qualidade.<\/p>\n<\/div>\n<\/article>\n<\/div>\n<\/section>\n<\/div>\n<\/article>\n<\/div>\n<\/section>\n<p>[\/vc_column_text][\/vc_accordion_tab][\/vc_accordion][\/vc_column][\/vc_row][vc_row text_align=&#8221;center&#8221; padding_top=&#8221;100&#8243; padding_bottom=&#8221;100&#8243;][vc_column]<a class=\"btn btn-highlight btn-lg\" href=\"https:\/\/brico-afeb.com\/pt-pt\/contato\/\">CONTATO<\/a>[\/vc_column][\/vc_row][vc_row][vc_column][\/vc_column][\/vc_row]<\/p>\n<\/div>","protected":false},"excerpt":{"rendered":"<p>[vc_row padding_top=&#8221;0&#8243; padding_bottom=&#8221;0&#8243;][vc_column][vc_column_text font_weight=&#8221;bold&#8221; letter_spacing=&#8221;&#8221; css=&#8221;.vc_custom_1504776267037{margin-top: 20px !important;margin-bottom: 20px !important;}&#8221;] Novas Tecnologias [\/vc_column_text][vc_accordion][vc_accordion_tab title=&#8221;Canal Youtube El Rinc\u00f3n del Bricolaje&#8221; icon=&#8221;minus-1&#8243; icon_closed=&#8221;plus-1&#8243;][vc_column_text lead=&#8221;yes&#8221; letter_spacing=&#8221;&#8221;]O Canal Youtube da AFEB, El Rinc\u00f3n da Bricolaje, acess\u00edvel na p\u00e1gina www.elrincondelbricolaje.com, \u00e9 uma plataforma de promo\u00e7\u00e3o de conte\u00fado audiovisual na qual os s\u00f3cios da AFEB podem carregar os seus conte\u00fados. O canal conta atualmente com mais [&hellip;]<\/p>\n","protected":false},"author":1,"featured_media":0,"parent":7921,"menu_order":0,"comment_status":"closed","ping_status":"closed","template":"page-templates\/full-width.php","meta":[],"acf":[],"yoast_head":"<!-- This site is optimized with the Yoast SEO plugin v20.9 - https:\/\/yoast.com\/wordpress\/plugins\/seo\/ -->\n<title>Promo\u00e7\u00e3o de Marca - brico-afeb.com<\/title>\n<meta name=\"robots\" content=\"index, follow, max-snippet:-1, max-image-preview:large, max-video-preview:-1\" \/>\n<link rel=\"canonical\" href=\"https:\/\/brico-afeb.com\/pt-pt\/servicos\/marca\/\" \/>\n<meta property=\"og:locale\" content=\"pt_PT\" \/>\n<meta property=\"og:type\" content=\"article\" \/>\n<meta property=\"og:title\" content=\"Promo\u00e7\u00e3o de Marca - brico-afeb.com\" \/>\n<meta property=\"og:description\" content=\"[vc_row padding_top=&#8221;0&#8243; padding_bottom=&#8221;0&#8243;][vc_column][vc_column_text font_weight=&#8221;bold&#8221; letter_spacing=&#8221;&#8221; css=&#8221;.vc_custom_1504776267037{margin-top: 20px !important;margin-bottom: 20px !important;}&#8221;] Novas Tecnologias [\/vc_column_text][vc_accordion][vc_accordion_tab title=&#8221;Canal Youtube El Rinc\u00f3n del Bricolaje&#8221; icon=&#8221;minus-1&#8243; icon_closed=&#8221;plus-1&#8243;][vc_column_text lead=&#8221;yes&#8221; letter_spacing=&#8221;&#8221;]O Canal Youtube da AFEB, El Rinc\u00f3n da Bricolaje, acess\u00edvel na p\u00e1gina www.elrincondelbricolaje.com, \u00e9 uma plataforma de promo\u00e7\u00e3o de conte\u00fado audiovisual na qual os s\u00f3cios da AFEB podem carregar os seus conte\u00fados. O canal conta atualmente com mais [&hellip;]\" \/>\n<meta property=\"og:url\" content=\"https:\/\/brico-afeb.com\/pt-pt\/servicos\/marca\/\" \/>\n<meta property=\"og:site_name\" content=\"brico-afeb.com\" \/>\n<meta property=\"article:modified_time\" content=\"2017-09-07T09:28:27+00:00\" \/>\n<meta name=\"twitter:card\" content=\"summary_large_image\" \/>\n<meta name=\"twitter:label1\" content=\"Tempo estimado de leitura\" \/>\n\t<meta name=\"twitter:data1\" content=\"2 minutos\" \/>\n<script type=\"application\/ld+json\" class=\"yoast-schema-graph\">{\"@context\":\"https:\/\/schema.org\",\"@graph\":[{\"@type\":\"WebPage\",\"@id\":\"https:\/\/brico-afeb.com\/pt-pt\/servicos\/marca\/\",\"url\":\"https:\/\/brico-afeb.com\/pt-pt\/servicos\/marca\/\",\"name\":\"Promo\u00e7\u00e3o de Marca - brico-afeb.com\",\"isPartOf\":{\"@id\":\"https:\/\/brico-afeb.com\/pt-pt\/#website\"},\"datePublished\":\"2015-10-12T17:14:45+00:00\",\"dateModified\":\"2017-09-07T09:28:27+00:00\",\"breadcrumb\":{\"@id\":\"https:\/\/brico-afeb.com\/pt-pt\/servicos\/marca\/#breadcrumb\"},\"inLanguage\":\"pt-PT\",\"potentialAction\":[{\"@type\":\"ReadAction\",\"target\":[\"https:\/\/brico-afeb.com\/pt-pt\/servicos\/marca\/\"]}]},{\"@type\":\"BreadcrumbList\",\"@id\":\"https:\/\/brico-afeb.com\/pt-pt\/servicos\/marca\/#breadcrumb\",\"itemListElement\":[{\"@type\":\"ListItem\",\"position\":1,\"name\":\"Portada\",\"item\":\"https:\/\/brico-afeb.com\/pt-pt\/\"},{\"@type\":\"ListItem\",\"position\":2,\"name\":\"Servi\u00e7os\",\"item\":\"https:\/\/brico-afeb.com\/pt-pt\/servicos\/\"},{\"@type\":\"ListItem\",\"position\":3,\"name\":\"Promo\u00e7\u00e3o de Marca\"}]},{\"@type\":\"WebSite\",\"@id\":\"https:\/\/brico-afeb.com\/pt-pt\/#website\",\"url\":\"https:\/\/brico-afeb.com\/pt-pt\/\",\"name\":\"brico-afeb.com\",\"description\":\"Asociaci\u00f3n de Fabricantes de Bricolaje y Ferreter\u00eda\",\"potentialAction\":[{\"@type\":\"SearchAction\",\"target\":{\"@type\":\"EntryPoint\",\"urlTemplate\":\"https:\/\/brico-afeb.com\/pt-pt\/?s={search_term_string}\"},\"query-input\":\"required name=search_term_string\"}],\"inLanguage\":\"pt-PT\"}]}<\/script>\n<!-- \/ Yoast SEO plugin. -->","yoast_head_json":{"title":"Promo\u00e7\u00e3o de Marca - brico-afeb.com","robots":{"index":"index","follow":"follow","max-snippet":"max-snippet:-1","max-image-preview":"max-image-preview:large","max-video-preview":"max-video-preview:-1"},"canonical":"https:\/\/brico-afeb.com\/pt-pt\/servicos\/marca\/","og_locale":"pt_PT","og_type":"article","og_title":"Promo\u00e7\u00e3o de Marca - brico-afeb.com","og_description":"[vc_row padding_top=&#8221;0&#8243; padding_bottom=&#8221;0&#8243;][vc_column][vc_column_text font_weight=&#8221;bold&#8221; letter_spacing=&#8221;&#8221; css=&#8221;.vc_custom_1504776267037{margin-top: 20px !important;margin-bottom: 20px !important;}&#8221;] Novas Tecnologias [\/vc_column_text][vc_accordion][vc_accordion_tab title=&#8221;Canal Youtube El Rinc\u00f3n del Bricolaje&#8221; icon=&#8221;minus-1&#8243; icon_closed=&#8221;plus-1&#8243;][vc_column_text lead=&#8221;yes&#8221; letter_spacing=&#8221;&#8221;]O Canal Youtube da AFEB, El Rinc\u00f3n da Bricolaje, acess\u00edvel na p\u00e1gina www.elrincondelbricolaje.com, \u00e9 uma plataforma de promo\u00e7\u00e3o de conte\u00fado audiovisual na qual os s\u00f3cios da AFEB podem carregar os seus conte\u00fados. O canal conta atualmente com mais [&hellip;]","og_url":"https:\/\/brico-afeb.com\/pt-pt\/servicos\/marca\/","og_site_name":"brico-afeb.com","article_modified_time":"2017-09-07T09:28:27+00:00","twitter_card":"summary_large_image","twitter_misc":{"Tempo estimado de leitura":"2 minutos"},"schema":{"@context":"https:\/\/schema.org","@graph":[{"@type":"WebPage","@id":"https:\/\/brico-afeb.com\/pt-pt\/servicos\/marca\/","url":"https:\/\/brico-afeb.com\/pt-pt\/servicos\/marca\/","name":"Promo\u00e7\u00e3o de Marca - brico-afeb.com","isPartOf":{"@id":"https:\/\/brico-afeb.com\/pt-pt\/#website"},"datePublished":"2015-10-12T17:14:45+00:00","dateModified":"2017-09-07T09:28:27+00:00","breadcrumb":{"@id":"https:\/\/brico-afeb.com\/pt-pt\/servicos\/marca\/#breadcrumb"},"inLanguage":"pt-PT","potentialAction":[{"@type":"ReadAction","target":["https:\/\/brico-afeb.com\/pt-pt\/servicos\/marca\/"]}]},{"@type":"BreadcrumbList","@id":"https:\/\/brico-afeb.com\/pt-pt\/servicos\/marca\/#breadcrumb","itemListElement":[{"@type":"ListItem","position":1,"name":"Portada","item":"https:\/\/brico-afeb.com\/pt-pt\/"},{"@type":"ListItem","position":2,"name":"Servi\u00e7os","item":"https:\/\/brico-afeb.com\/pt-pt\/servicos\/"},{"@type":"ListItem","position":3,"name":"Promo\u00e7\u00e3o de Marca"}]},{"@type":"WebSite","@id":"https:\/\/brico-afeb.com\/pt-pt\/#website","url":"https:\/\/brico-afeb.com\/pt-pt\/","name":"brico-afeb.com","description":"Asociaci\u00f3n de Fabricantes de Bricolaje y Ferreter\u00eda","potentialAction":[{"@type":"SearchAction","target":{"@type":"EntryPoint","urlTemplate":"https:\/\/brico-afeb.com\/pt-pt\/?s={search_term_string}"},"query-input":"required name=search_term_string"}],"inLanguage":"pt-PT"}]}},"_links":{"self":[{"href":"https:\/\/brico-afeb.com\/pt-pt\/wp-json\/wp\/v2\/pages\/8022"}],"collection":[{"href":"https:\/\/brico-afeb.com\/pt-pt\/wp-json\/wp\/v2\/pages"}],"about":[{"href":"https:\/\/brico-afeb.com\/pt-pt\/wp-json\/wp\/v2\/types\/page"}],"author":[{"embeddable":true,"href":"https:\/\/brico-afeb.com\/pt-pt\/wp-json\/wp\/v2\/users\/1"}],"replies":[{"embeddable":true,"href":"https:\/\/brico-afeb.com\/pt-pt\/wp-json\/wp\/v2\/comments?post=8022"}],"version-history":[{"count":0,"href":"https:\/\/brico-afeb.com\/pt-pt\/wp-json\/wp\/v2\/pages\/8022\/revisions"}],"up":[{"embeddable":true,"href":"https:\/\/brico-afeb.com\/pt-pt\/wp-json\/wp\/v2\/pages\/7921"}],"wp:attachment":[{"href":"https:\/\/brico-afeb.com\/pt-pt\/wp-json\/wp\/v2\/media?parent=8022"}],"curies":[{"name":"wp","href":"https:\/\/api.w.org\/{rel}","templated":true}]}}